{"id":122,"date":"2023-01-03T12:33:31","date_gmt":"2023-01-03T12:33:31","guid":{"rendered":"https:\/\/residence-les-flots-bleus.fr\/?page_id=122"},"modified":"2023-05-16T09:12:55","modified_gmt":"2023-05-16T09:12:55","slug":"les-studios","status":"publish","type":"page","link":"https:\/\/residence-les-flots-bleus.fr\/index.php\/les-studios\/","title":{"rendered":"Les studios"},"content":{"rendered":"\n<p>Les 5 studios sont identiques, ils ont une surface de 29 m<sup>2<\/sup> et sont climatis\u00e9s. Vous trouverez tout le confort n\u00e9cessaire pour y passer un agr\u00e9able s\u00e9jour.<\/p>\n\n\n\n<div id=\"ez-toc-container\" class=\"ez-toc-v2_0_79_2 counter-hierarchy ez-toc-counter ez-toc-grey ez-toc-container-direction\">\n<div class=\"ez-toc-title-container\">\n<p class=\"ez-toc-title\" style=\"cursor:inherit\">Sommaire<\/p>\n<span class=\"ez-toc-title-toggle\"><a href=\"#\" class=\"ez-toc-pull-right ez-toc-btn ez-toc-btn-xs ez-toc-btn-default ez-toc-toggle\" aria-label=\"Toggle Table of Content\"><span class=\"ez-toc-js-icon-con\"><span class=\"\"><span class=\"eztoc-hide\" style=\"display:none;\">Toggle<\/span><span class=\"ez-toc-icon-toggle-span\"><svg style=\"fill: #999;color:#999\" xmlns=\"http:\/\/www.w3.org\/2000\/svg\" class=\"list-377408\" width=\"20px\" height=\"20px\" viewBox=\"0 0 24 24\" fill=\"none\"><path d=\"M6 6H4v2h2V6zm14 0H8v2h12V6zM4 11h2v2H4v-2zm16 0H8v2h12v-2zM4 16h2v2H4v-2zm16 0H8v2h12v-2z\" fill=\"currentColor\"><\/path><\/svg><svg style=\"fill: #999;color:#999\" class=\"arrow-unsorted-368013\" xmlns=\"http:\/\/www.w3.org\/2000\/svg\" width=\"10px\" height=\"10px\" viewBox=\"0 0 24 24\" version=\"1.2\" baseProfile=\"tiny\"><path d=\"M18.2 9.3l-6.2-6.3-6.2 6.3c-.2.2-.3.4-.3.7s.1.5.3.7c.2.2.4.3.7.3h11c.3 0 .5-.1.7-.3.2-.2.3-.5.3-.7s-.1-.5-.3-.7zM5.8 14.7l6.2 6.3 6.2-6.3c.2-.2.3-.5.3-.7s-.1-.5-.3-.7c-.2-.2-.4-.3-.7-.3h-11c-.3 0-.5.1-.7.3-.2.2-.3.5-.3.7s.1.5.3.7z\"\/><\/svg><\/span><\/span><\/span><\/a><\/span><\/div>\n<nav><ul class='ez-toc-list ez-toc-list-level-1 ' ><li class='ez-toc-page-1 ez-toc-heading-level-2'><a class=\"ez-toc-link ez-toc-heading-1\" href=\"https:\/\/residence-les-flots-bleus.fr\/index.php\/les-studios\/#Le_coin_cuisine\" >Le coin cuisine<\/a><\/li><li class='ez-toc-page-1 ez-toc-heading-level-2'><a class=\"ez-toc-link ez-toc-heading-2\" href=\"https:\/\/residence-les-flots-bleus.fr\/index.php\/les-studios\/#La_piece_a_vivre\" >La pi\u00e8ce \u00e0 vivre<\/a><\/li><li class='ez-toc-page-1 ez-toc-heading-level-2'><a class=\"ez-toc-link ez-toc-heading-3\" href=\"https:\/\/residence-les-flots-bleus.fr\/index.php\/les-studios\/#La_salle_de_bain\" >La salle de bain<\/a><\/li><li class='ez-toc-page-1 ez-toc-heading-level-2'><a class=\"ez-toc-link ez-toc-heading-4\" href=\"https:\/\/residence-les-flots-bleus.fr\/index.php\/les-studios\/#La_terrasse\" >La terrasse<\/a><\/li><li class='ez-toc-page-1 ez-toc-heading-level-2'><a class=\"ez-toc-link ez-toc-heading-5\" href=\"https:\/\/residence-les-flots-bleus.fr\/index.php\/les-studios\/#Equipements_pour_le_linge_et_le_menage\" >Equipements pour le linge et le m\u00e9nage<\/a><\/li><li class='ez-toc-page-1 ez-toc-heading-level-2'><a class=\"ez-toc-link ez-toc-heading-6\" href=\"https:\/\/residence-les-flots-bleus.fr\/index.php\/les-studios\/#Divers\" >Divers<\/a><\/li><\/ul><\/nav><\/div>\n<h2 class=\"wp-block-heading\"><span class=\"ez-toc-section\" id=\"Le_coin_cuisine\"><\/span>Le coin cuisine<span class=\"ez-toc-section-end\"><\/span><\/h2>\n\n\n\n<div class=\"wp-block-columns is-layout-flex wp-container-core-columns-is-layout-9d6595d7 wp-block-columns-is-layout-flex\">\n<div class=\"wp-block-column is-layout-flow wp-block-column-is-layout-flow\">\n<ul class=\"wp-block-list\">\n<li>Four micro-onde<\/li>\n\n\n\n<li>Plaques de cuisson<\/li>\n\n\n\n<li>R\u00e9frig\u00e9rateur avec cong\u00e9lateur<\/li>\n\n\n\n<li>Lave-vaisselle<\/li>\n\n\n\n<li>Cafeti\u00e8re<\/li>\n\n\n\n<li>Grille-pain<\/li>\n\n\n\n<li>Casserole<\/li>\n\n\n\n<li>Assiettes, verres, fourchettes, couteaux, cuill\u00e8res<\/li>\n<\/ul>\n<\/div>\n\n\n\n<div class=\"wp-block-column is-layout-flow wp-block-column-is-layout-flow\">\n<figure class=\"wp-block-image size-large\"><img fetchpriority=\"high\" decoding=\"async\" width=\"1024\" height=\"683\" src=\"https:\/\/residence-les-flots-bleus.fr\/wp-content\/uploads\/2023\/01\/Image0327-1024x683.jpg\" alt=\"\" class=\"wp-image-39\" srcset=\"https:\/\/residence-les-flots-bleus.fr\/wp-content\/uploads\/2023\/01\/Image0327-1024x683.jpg 1024w, https:\/\/residence-les-flots-bleus.fr\/wp-content\/uploads\/2023\/01\/Image0327-300x200.jpg 300w, https:\/\/residence-les-flots-bleus.fr\/wp-content\/uploads\/2023\/01\/Image0327-768x512.jpg 768w, https:\/\/residence-les-flots-bleus.fr\/wp-content\/uploads\/2023\/01\/Image0327-1536x1024.jpg 1536w, https:\/\/residence-les-flots-bleus.fr\/wp-content\/uploads\/2023\/01\/Image0327-2048x1365.jpg 2048w\" sizes=\"(max-width: 767px) 89vw, (max-width: 1000px) 54vw, (max-width: 1071px) 543px, 580px\" \/><\/figure>\n<\/div>\n<\/div>\n\n\n\n<h2 class=\"wp-block-heading\"><span class=\"ez-toc-section\" id=\"La_piece_a_vivre\"><\/span>La pi\u00e8ce \u00e0 vivre<span class=\"ez-toc-section-end\"><\/span><\/h2>\n\n\n\n<div class=\"wp-block-columns is-layout-flex wp-container-core-columns-is-layout-9d6595d7 wp-block-columns-is-layout-flex\">\n<div class=\"wp-block-column is-layout-flow wp-block-column-is-layout-flow\">\n<figure class=\"wp-block-image size-large\"><img decoding=\"async\" width=\"1024\" height=\"768\" src=\"https:\/\/residence-les-flots-bleus.fr\/wp-content\/uploads\/2023\/01\/Image0009-1024x768.jpg\" alt=\"\" class=\"wp-image-54\" srcset=\"https:\/\/residence-les-flots-bleus.fr\/wp-content\/uploads\/2023\/01\/Image0009-1024x768.jpg 1024w, https:\/\/residence-les-flots-bleus.fr\/wp-content\/uploads\/2023\/01\/Image0009-300x225.jpg 300w, https:\/\/residence-les-flots-bleus.fr\/wp-content\/uploads\/2023\/01\/Image0009-768x576.jpg 768w, https:\/\/residence-les-flots-bleus.fr\/wp-content\/uploads\/2023\/01\/Image0009-1536x1152.jpg 1536w, https:\/\/residence-les-flots-bleus.fr\/wp-content\/uploads\/2023\/01\/Image0009.jpg 2048w\" sizes=\"(max-width: 767px) 89vw, (max-width: 1000px) 54vw, (max-width: 1071px) 543px, 580px\" \/><\/figure>\n<\/div>\n\n\n\n<div class=\"wp-block-column is-layout-flow wp-block-column-is-layout-flow\">\n<ul class=\"wp-block-list\">\n<li>Canap\u00e9 lit de 160 cm, avec un vrai matelas (pas un matelas en mousse)<\/li>\n\n\n\n<li>2 tables de nuit<\/li>\n\n\n\n<li>Draps, couverture, deux oreillers avec leurs taies<\/li>\n\n\n\n<li>T\u00e9l\u00e9vision (le son est \u00ab\u00a0brid\u00e9\u00a0\u00bb pour \u00e9viter de g\u00eaner les occupants des studios voisins)<\/li>\n<\/ul>\n<\/div>\n<\/div>\n\n\n\n<h2 class=\"wp-block-heading\"><span class=\"ez-toc-section\" id=\"La_salle_de_bain\"><\/span>La salle de bain<span class=\"ez-toc-section-end\"><\/span><\/h2>\n\n\n\n<div class=\"wp-block-columns is-layout-flex wp-container-core-columns-is-layout-9d6595d7 wp-block-columns-is-layout-flex\">\n<div class=\"wp-block-column is-layout-flow wp-block-column-is-layout-flow\">\n<ul class=\"wp-block-list\">\n<li>Douche \u00e0 l&rsquo;italienne<\/li>\n\n\n\n<li>Lavabo<\/li>\n\n\n\n<li>WC<\/li>\n\n\n\n<li>Serviettes de bain<\/li>\n\n\n\n<li>S\u00e8che-cheveux<\/li>\n<\/ul>\n<\/div>\n\n\n\n<div class=\"wp-block-column is-layout-flow wp-block-column-is-layout-flow\"><div class=\"wp-block-image\">\n<figure class=\"aligncenter size-large is-resized\"><img decoding=\"async\" src=\"https:\/\/residence-les-flots-bleus.fr\/wp-content\/uploads\/2023\/01\/IMG_E4222-768x1024.jpg\" alt=\"\" class=\"wp-image-50\" width=\"196\" height=\"261\" srcset=\"https:\/\/residence-les-flots-bleus.fr\/wp-content\/uploads\/2023\/01\/IMG_E4222-768x1024.jpg 768w, https:\/\/residence-les-flots-bleus.fr\/wp-content\/uploads\/2023\/01\/IMG_E4222-225x300.jpg 225w, https:\/\/residence-les-flots-bleus.fr\/wp-content\/uploads\/2023\/01\/IMG_E4222-1152x1536.jpg 1152w, https:\/\/residence-les-flots-bleus.fr\/wp-content\/uploads\/2023\/01\/IMG_E4222-1536x2048.jpg 1536w, https:\/\/residence-les-flots-bleus.fr\/wp-content\/uploads\/2023\/01\/IMG_E4222-scaled.jpg 1920w\" sizes=\"(max-width: 196px) 100vw, 196px\" \/><\/figure><\/div><\/div>\n<\/div>\n\n\n\n<h2 class=\"wp-block-heading\"><span class=\"ez-toc-section\" id=\"La_terrasse\"><\/span>La terrasse<span class=\"ez-toc-section-end\"><\/span><\/h2>\n\n\n\n<div class=\"wp-block-columns is-layout-flex wp-container-core-columns-is-layout-9d6595d7 wp-block-columns-is-layout-flex\">\n<div class=\"wp-block-column is-layout-flow wp-block-column-is-layout-flow\">\n<figure class=\"wp-block-image size-large\"><img loading=\"lazy\" decoding=\"async\" width=\"1024\" height=\"768\" src=\"https:\/\/residence-les-flots-bleus.fr\/wp-content\/uploads\/2023\/01\/Image0125-1024x768.jpg\" alt=\"\" class=\"wp-image-35\" srcset=\"https:\/\/residence-les-flots-bleus.fr\/wp-content\/uploads\/2023\/01\/Image0125-1024x768.jpg 1024w, https:\/\/residence-les-flots-bleus.fr\/wp-content\/uploads\/2023\/01\/Image0125-300x225.jpg 300w, https:\/\/residence-les-flots-bleus.fr\/wp-content\/uploads\/2023\/01\/Image0125-768x576.jpg 768w, https:\/\/residence-les-flots-bleus.fr\/wp-content\/uploads\/2023\/01\/Image0125-1536x1152.jpg 1536w, https:\/\/residence-les-flots-bleus.fr\/wp-content\/uploads\/2023\/01\/Image0125.jpg 1989w\" sizes=\"(max-width: 767px) 89vw, (max-width: 1000px) 54vw, (max-width: 1071px) 543px, 580px\" \/><\/figure>\n<\/div>\n\n\n\n<div class=\"wp-block-column is-layout-flow wp-block-column-is-layout-flow\">\n<ul class=\"wp-block-list\">\n<li>1 table et deux chaises<\/li>\n\n\n\n<li>1 plancha<\/li>\n\n\n\n<li>2 transats<\/li>\n\n\n\n<li>1 grand parasol<\/li>\n<\/ul>\n<\/div>\n<\/div>\n\n\n\n<h2 class=\"wp-block-heading\"><span class=\"ez-toc-section\" id=\"Equipements_pour_le_linge_et_le_menage\"><\/span>Equipements pour le linge et le m\u00e9nage<span class=\"ez-toc-section-end\"><\/span><\/h2>\n\n\n\n<p>Ces \u00e9quipements sont dans le studio, pas dans une buanderie.<\/p>\n\n\n\n<ul class=\"wp-block-list\">\n<li>Lave-linge<\/li>\n\n\n\n<li>Planche \u00e0 repasser<\/li>\n\n\n\n<li>Fer \u00e0 repasser<\/li>\n\n\n\n<li>Aspirateur<\/li>\n<\/ul>\n\n\n\n<h2 class=\"wp-block-heading\"><span class=\"ez-toc-section\" id=\"Divers\"><\/span>Divers<span class=\"ez-toc-section-end\"><\/span><\/h2>\n\n\n\n<ul class=\"wp-block-list\">\n<li>Wifi gratuit<\/li>\n\n\n\n<li>1 place de parking<\/li>\n<\/ul>\n","protected":false},"excerpt":{"rendered":"<p>Les 5 studios sont identiques, ils ont une surface de 29 m2 et sont climatis\u00e9s. Vous trouverez tout le confort n\u00e9cessaire pour y passer un agr\u00e9able s\u00e9jour. Le coin cuisine La pi\u00e8ce \u00e0 vivre La salle de bain La terrasse Equipements pour le linge et le m\u00e9nage Ces \u00e9quipements sont dans le studio, pas dans &hellip; <\/p>\n<p class=\"link-more\"><a href=\"https:\/\/residence-les-flots-bleus.fr\/index.php\/les-studios\/\" class=\"more-link\">Continuer la lecture<span class=\"screen-reader-text\"> de &laquo;&nbsp;Les studios&nbsp;&raquo;<\/span><\/a><\/p>\n","protected":false},"author":1,"featured_media":0,"parent":0,"menu_order":0,"comment_status":"closed","ping_status":"closed","template":"","meta":{"footnotes":""},"class_list":["post-122","page","type-page","status-publish","hentry"],"yoast_head":"<!-- This site is optimized with the Yoast SEO plugin v26.6 - https:\/\/yoast.com\/wordpress\/plugins\/seo\/ -->\n<title>R\u00e9sidence Les Flots Bleus - Location de studios en Corse<\/title>\n<meta name=\"description\" content=\"R\u00e9sidence Les Flots Bleus \u00e0 Tiuccia - Location de studios tout confort en Corse, les pieds dans l&#039;eau, proche d&#039;Ajaccio\" \/>\n<meta name=\"robots\" content=\"index, follow, max-snippet:-1, max-image-preview:large, max-video-preview:-1\" \/>\n<link rel=\"canonical\" href=\"https:\/\/residence-les-flots-bleus.fr\/index.php\/les-studios\/\" \/>\n<meta property=\"og:locale\" content=\"fr_FR\" \/>\n<meta property=\"og:type\" content=\"article\" \/>\n<meta property=\"og:title\" content=\"R\u00e9sidence Les Flots Bleus - Location de studios en Corse\" \/>\n<meta property=\"og:description\" content=\"R\u00e9sidence Les Flots Bleus \u00e0 Tiuccia - Location de studios tout confort en Corse, les pieds dans l&#039;eau, proche d&#039;Ajaccio\" \/>\n<meta property=\"og:url\" content=\"https:\/\/residence-les-flots-bleus.fr\/index.php\/les-studios\/\" \/>\n<meta property=\"og:site_name\" content=\"R\u00e9sidence Les Flots Bleus\" \/>\n<meta property=\"article:modified_time\" content=\"2023-05-16T09:12:55+00:00\" \/>\n<meta property=\"og:image\" content=\"https:\/\/residence-les-flots-bleus.fr\/wp-content\/uploads\/2023\/01\/Image0327-1024x683.jpg\" \/>\n<meta name=\"twitter:card\" content=\"summary_large_image\" \/>\n<meta name=\"twitter:label1\" content=\"Dur\u00e9e de lecture estim\u00e9e\" \/>\n\t<meta name=\"twitter:data1\" content=\"2 minutes\" \/>\n<script type=\"application\/ld+json\" class=\"yoast-schema-graph\">{\"@context\":\"https:\/\/schema.org\",\"@graph\":[{\"@type\":\"WebPage\",\"@id\":\"https:\/\/residence-les-flots-bleus.fr\/index.php\/les-studios\/\",\"url\":\"https:\/\/residence-les-flots-bleus.fr\/index.php\/les-studios\/\",\"name\":\"R\u00e9sidence Les Flots Bleus - Location de studios en Corse\",\"isPartOf\":{\"@id\":\"https:\/\/residence-les-flots-bleus.fr\/#website\"},\"primaryImageOfPage\":{\"@id\":\"https:\/\/residence-les-flots-bleus.fr\/index.php\/les-studios\/#primaryimage\"},\"image\":{\"@id\":\"https:\/\/residence-les-flots-bleus.fr\/index.php\/les-studios\/#primaryimage\"},\"thumbnailUrl\":\"https:\/\/residence-les-flots-bleus.fr\/wp-content\/uploads\/2023\/01\/Image0327-1024x683.jpg\",\"datePublished\":\"2023-01-03T12:33:31+00:00\",\"dateModified\":\"2023-05-16T09:12:55+00:00\",\"description\":\"R\u00e9sidence Les Flots Bleus \u00e0 Tiuccia - Location de studios tout confort en Corse, les pieds dans l'eau, proche d'Ajaccio\",\"breadcrumb\":{\"@id\":\"https:\/\/residence-les-flots-bleus.fr\/index.php\/les-studios\/#breadcrumb\"},\"inLanguage\":\"fr-FR\",\"potentialAction\":[{\"@type\":\"ReadAction\",\"target\":[\"https:\/\/residence-les-flots-bleus.fr\/index.php\/les-studios\/\"]}]},{\"@type\":\"ImageObject\",\"inLanguage\":\"fr-FR\",\"@id\":\"https:\/\/residence-les-flots-bleus.fr\/index.php\/les-studios\/#primaryimage\",\"url\":\"https:\/\/residence-les-flots-bleus.fr\/wp-content\/uploads\/2023\/01\/Image0327-1024x683.jpg\",\"contentUrl\":\"https:\/\/residence-les-flots-bleus.fr\/wp-content\/uploads\/2023\/01\/Image0327-1024x683.jpg\"},{\"@type\":\"BreadcrumbList\",\"@id\":\"https:\/\/residence-les-flots-bleus.fr\/index.php\/les-studios\/#breadcrumb\",\"itemListElement\":[{\"@type\":\"ListItem\",\"position\":1,\"name\":\"Accueil\",\"item\":\"https:\/\/residence-les-flots-bleus.fr\/\"},{\"@type\":\"ListItem\",\"position\":2,\"name\":\"Les studios\"}]},{\"@type\":\"WebSite\",\"@id\":\"https:\/\/residence-les-flots-bleus.fr\/#website\",\"url\":\"https:\/\/residence-les-flots-bleus.fr\/\",\"name\":\"R\u00e9sidence Les Flots Bleus\",\"description\":\"Location de studios les pieds dans l&#039;eau\",\"potentialAction\":[{\"@type\":\"SearchAction\",\"target\":{\"@type\":\"EntryPoint\",\"urlTemplate\":\"https:\/\/residence-les-flots-bleus.fr\/?s={search_term_string}\"},\"query-input\":{\"@type\":\"PropertyValueSpecification\",\"valueRequired\":true,\"valueName\":\"search_term_string\"}}],\"inLanguage\":\"fr-FR\"}]}<\/script>\n<!-- \/ Yoast SEO plugin. -->","yoast_head_json":{"title":"R\u00e9sidence Les Flots Bleus - Location de studios en Corse","description":"R\u00e9sidence Les Flots Bleus \u00e0 Tiuccia - Location de studios tout confort en Corse, les pieds dans l'eau, proche d'Ajaccio","robots":{"index":"index","follow":"follow","max-snippet":"max-snippet:-1","max-image-preview":"max-image-preview:large","max-video-preview":"max-video-preview:-1"},"canonical":"https:\/\/residence-les-flots-bleus.fr\/index.php\/les-studios\/","og_locale":"fr_FR","og_type":"article","og_title":"R\u00e9sidence Les Flots Bleus - Location de studios en Corse","og_description":"R\u00e9sidence Les Flots Bleus \u00e0 Tiuccia - Location de studios tout confort en Corse, les pieds dans l'eau, proche d'Ajaccio","og_url":"https:\/\/residence-les-flots-bleus.fr\/index.php\/les-studios\/","og_site_name":"R\u00e9sidence Les Flots Bleus","article_modified_time":"2023-05-16T09:12:55+00:00","og_image":[{"url":"https:\/\/residence-les-flots-bleus.fr\/wp-content\/uploads\/2023\/01\/Image0327-1024x683.jpg","type":"","width":"","height":""}],"twitter_card":"summary_large_image","twitter_misc":{"Dur\u00e9e de lecture estim\u00e9e":"2 minutes"},"schema":{"@context":"https:\/\/schema.org","@graph":[{"@type":"WebPage","@id":"https:\/\/residence-les-flots-bleus.fr\/index.php\/les-studios\/","url":"https:\/\/residence-les-flots-bleus.fr\/index.php\/les-studios\/","name":"R\u00e9sidence Les Flots Bleus - Location de studios en Corse","isPartOf":{"@id":"https:\/\/residence-les-flots-bleus.fr\/#website"},"primaryImageOfPage":{"@id":"https:\/\/residence-les-flots-bleus.fr\/index.php\/les-studios\/#primaryimage"},"image":{"@id":"https:\/\/residence-les-flots-bleus.fr\/index.php\/les-studios\/#primaryimage"},"thumbnailUrl":"https:\/\/residence-les-flots-bleus.fr\/wp-content\/uploads\/2023\/01\/Image0327-1024x683.jpg","datePublished":"2023-01-03T12:33:31+00:00","dateModified":"2023-05-16T09:12:55+00:00","description":"R\u00e9sidence Les Flots Bleus \u00e0 Tiuccia - Location de studios tout confort en Corse, les pieds dans l'eau, proche d'Ajaccio","breadcrumb":{"@id":"https:\/\/residence-les-flots-bleus.fr\/index.php\/les-studios\/#breadcrumb"},"inLanguage":"fr-FR","potentialAction":[{"@type":"ReadAction","target":["https:\/\/residence-les-flots-bleus.fr\/index.php\/les-studios\/"]}]},{"@type":"ImageObject","inLanguage":"fr-FR","@id":"https:\/\/residence-les-flots-bleus.fr\/index.php\/les-studios\/#primaryimage","url":"https:\/\/residence-les-flots-bleus.fr\/wp-content\/uploads\/2023\/01\/Image0327-1024x683.jpg","contentUrl":"https:\/\/residence-les-flots-bleus.fr\/wp-content\/uploads\/2023\/01\/Image0327-1024x683.jpg"},{"@type":"BreadcrumbList","@id":"https:\/\/residence-les-flots-bleus.fr\/index.php\/les-studios\/#breadcrumb","itemListElement":[{"@type":"ListItem","position":1,"name":"Accueil","item":"https:\/\/residence-les-flots-bleus.fr\/"},{"@type":"ListItem","position":2,"name":"Les studios"}]},{"@type":"WebSite","@id":"https:\/\/residence-les-flots-bleus.fr\/#website","url":"https:\/\/residence-les-flots-bleus.fr\/","name":"R\u00e9sidence Les Flots Bleus","description":"Location de studios les pieds dans l&#039;eau","potentialAction":[{"@type":"SearchAction","target":{"@type":"EntryPoint","urlTemplate":"https:\/\/residence-les-flots-bleus.fr\/?s={search_term_string}"},"query-input":{"@type":"PropertyValueSpecification","valueRequired":true,"valueName":"search_term_string"}}],"inLanguage":"fr-FR"}]}},"_links":{"self":[{"href":"https:\/\/residence-les-flots-bleus.fr\/index.php\/wp-json\/wp\/v2\/pages\/122","targetHints":{"allow":["GET"]}}],"collection":[{"href":"https:\/\/residence-les-flots-bleus.fr\/index.php\/wp-json\/wp\/v2\/pages"}],"about":[{"href":"https:\/\/residence-les-flots-bleus.fr\/index.php\/wp-json\/wp\/v2\/types\/page"}],"author":[{"embeddable":true,"href":"https:\/\/residence-les-flots-bleus.fr\/index.php\/wp-json\/wp\/v2\/users\/1"}],"replies":[{"embeddable":true,"href":"https:\/\/residence-les-flots-bleus.fr\/index.php\/wp-json\/wp\/v2\/comments?post=122"}],"version-history":[{"count":50,"href":"https:\/\/residence-les-flots-bleus.fr\/index.php\/wp-json\/wp\/v2\/pages\/122\/revisions"}],"predecessor-version":[{"id":369,"href":"https:\/\/residence-les-flots-bleus.fr\/index.php\/wp-json\/wp\/v2\/pages\/122\/revisions\/369"}],"wp:attachment":[{"href":"https:\/\/residence-les-flots-bleus.fr\/index.php\/wp-json\/wp\/v2\/media?parent=122"}],"curies":[{"name":"wp","href":"https:\/\/api.w.org\/{rel}","templated":true}]}}